{"id":922,"date":"2024-03-04T15:18:12","date_gmt":"2024-03-04T14:18:12","guid":{"rendered":"https:\/\/ecole-anthropocene.fr\/?post_type=ajde_events&#038;p=922"},"modified":"2025-03-19T18:07:38","modified_gmt":"2025-03-19T17:07:38","slug":"le-book-club-disabelle-michallet","status":"publish","type":"ajde_events","link":"https:\/\/ecole-anthropocene.fr\/?ajde_events=le-book-club-disabelle-michallet","title":{"rendered":"Tribune d&rsquo;artisans &#8211; La vie des champs dans nos cit\u00e9s : agriculturez-nous !"},"content":{"rendered":"\n<p>Dans le quotidien de leur m\u00e9tier, des artisans et des artisanes de la terre et des go\u00fbts exp\u00e9rimentent pour continuer \u00e0 nous nourrir durablement. Leur positionnement interroge l\u2019avenir des m\u00e9tiers de bouche d\u2019un point de vue \u00e9conomique, soci\u00e9tal, culturel et environnemental. Le temps d\u2019un entretien de trente minutes, Tribune d\u2019artisan fait entendre leur voix et propose d\u2019ouvrir les repr\u00e9sentations pour r\u00e9fl\u00e9chir \u00e0 la l\u2019avenir de notre alimentation. La France artificialise chaque ann\u00e9e entre 50 000 et 60 000 hectares soit l\u2019\u00e9quivalent d\u2019un terrain de foot toutes les 7 minutes. Les terres agricoles sont directement impact\u00e9es et fragilise notre capacit\u00e9 de production alimentaire. Dans cette \u00e9mission, nous \u00e9voquerons la gestion des espaces agricoles dans le milieu p\u00e9ri-urbain avec un exemple int\u00e9ressant sur la commune de Collonges. Un ancien terrain agricole retrouve sa vocation initiale. Quelles adaptations sont n\u00e9cessaires, comment sont g\u00e9r\u00e9es les projections et les pr\u00e9occupations des habitants ? L\u2019agriculture va-t-elle pouvoir trouver sa place au coeur de nos soci\u00e9t\u00e9s ?<\/p>\n\n\n\n<p><a href=\"https:\/\/cite-anthropocene.fr\/category\/radio-a\/emissions\/tribune-dartisans\/\" target=\"_blank\" rel=\"noreferrer noopener\">Une \u00e9mission<\/a> de Laetitia Chalandon en partenariat avec le m\u00e9dia culinaire et engag\u00e9 <a href=\"http:\/\/www.machonpaslesmots.fr\">M\u00e2chon pas les mots<\/a> avec Vincent Galliot, Mara\u00eecher &#8211; Le Champ des saveurs. <\/p>\n\n\n\n<p>Retrouvez l&rsquo;int\u00e9gralit\u00e9 du programme de <a href=\"https:\/\/ecole-anthropocene.fr\/?page_id=911\" data-type=\"page\" data-id=\"911\">Radio Anthropoc\u00e8ne ICI !<\/a><\/p>\n\n\n\n<p>Cette \u00e9mission est enregistr\u00e9e en public (entr\u00e9e libre au coll\u00e8ge Truffaut) et diffus\u00e9e <a href=\"https:\/\/cite-anthropocene.fr\/category\/radio-a\/\">en direct ici<\/a>. <\/p>\n\n\n","protected":false},"author":1,"featured_media":0,"menu_order":0,"comment_status":"closed","ping_status":"closed","template":"","meta":{"inline_featured_image":false},"tags":[],"event_type":[24],"event_type_2":[27],"class_list":["post-922","ajde_events","type-ajde_events","status-publish","hentry","event_location-college-truffaut","event_type-radio","event_type_2-vendredi"],"_links":{"self":[{"href":"https:\/\/ecole-anthropocene.fr\/index.php?rest_route=\/wp\/v2\/ajde_events\/922","targetHints":{"allow":["GET"]}}],"collection":[{"href":"https:\/\/ecole-anthropocene.fr\/index.php?rest_route=\/wp\/v2\/ajde_events"}],"about":[{"href":"https:\/\/ecole-anthropocene.fr\/index.php?rest_route=\/wp\/v2\/types\/ajde_events"}],"author":[{"embeddable":true,"href":"https:\/\/ecole-anthropocene.fr\/index.php?rest_route=\/wp\/v2\/users\/1"}],"replies":[{"embeddable":true,"href":"https:\/\/ecole-anthropocene.fr\/index.php?rest_route=%2Fwp%2Fv2%2Fcomments&post=922"}],"wp:attachment":[{"href":"https:\/\/ecole-anthropocene.fr\/index.php?rest_route=%2Fwp%2Fv2%2Fmedia&parent=922"}],"wp:term":[{"taxonomy":"post_tag","embeddable":true,"href":"https:\/\/ecole-anthropocene.fr\/index.php?rest_route=%2Fwp%2Fv2%2Ftags&post=922"},{"taxonomy":"event_type","embeddable":true,"href":"https:\/\/ecole-anthropocene.fr\/index.php?rest_route=%2Fwp%2Fv2%2Fevent_type&post=922"},{"taxonomy":"event_type_2","embeddable":true,"href":"https:\/\/ecole-anthropocene.fr\/index.php?rest_route=%2Fwp%2Fv2%2Fevent_type_2&post=922"}],"curies":[{"name":"wp","href":"https:\/\/api.w.org\/{rel}","templated":true}]}}